{"id":950,"date":"2021-05-05T21:07:10","date_gmt":"2021-05-05T21:07:10","guid":{"rendered":"http:\/\/www.rula.disabilityrightsca.org\/vi\/?page_id=950"},"modified":"2022-04-19T16:42:34","modified_gmt":"2022-04-19T16:42:34","slug":"am-i-eligible-for-regional-center-services-if-my-condition-is-closely-related-to-autism-cerebral-palsy-or-epilepsy","status":"publish","type":"page","link":"https:\/\/rula.disabilityrightsca.org\/vi\/rula-book\/chapter-2-eligibility-for-regional-center-services\/am-i-eligible-for-regional-center-services-if-my-condition-is-closely-related-to-autism-cerebral-palsy-or-epilepsy\/","title":{"rendered":"(2.19) N\u1ebfu t\u00ecnh tr\u1ea1ng c\u1ee7a t\u00f4i li\u00ean quan ch\u1eb7t ch\u1ebd \u0111\u1ebfn t\u1ef1 k\u1ef7, b\u1ea1i n\u00e3o ho\u1eb7c \u0111\u1ed9ng kinh th\u00ec t\u00f4i c\u00f3 h\u1ed9i \u0111\u1ee7 \u0111i\u1ec1u ki\u1ec7n nh\u1eadn c\u00e1c d\u1ecbch v\u1ee5 c\u1ee7a trung t\u00e2m khu v\u1ef1c kh\u00f4ng?"},"content":{"rendered":"\n<p>Kh\u00f4ng, lu\u1eadt n\u00e0y kh\u00f4ng trao kh\u1ea3 n\u0103ng h\u1ed9i \u0111\u1ee7 \u0111i\u1ec1u ki\u1ec7n cho c\u00e1c t\u00ecnh tr\u1ea1ng li\u00ean quan ch\u1eb7t ch\u1ebd ho\u1eb7c y\u00eau c\u1ea7u \u0111i\u1ec1u tr\u1ecb t\u01b0\u01a1ng t\u1ef1 nh\u01b0 b\u1ea5t k\u1ef3 danh m\u1ee5c n\u00e0o trong ba danh m\u1ee5c kia. Ch\u1ec9 nh\u1eefng t\u00ecnh tr\u1ea1ng li\u00ean quan ch\u1eb7t ch\u1ebd ho\u1eb7c y\u00eau c\u1ea7u \u0111i\u1ec1u tr\u1ecb t\u01b0\u01a1ng t\u1ef1 nh\u01b0 \u0111i\u1ec1u tr\u1ecb cho khuy\u1ebft t\u1eadt tr\u00ed tu\u1ec7 m\u1edbi \u0111\u1ee7 \u0111i\u1ec1u ki\u1ec7n.<\/p>\n","protected":false},"excerpt":{"rendered":"<p>Kh\u00f4ng, lu\u1eadt n\u00e0y kh\u00f4ng trao kh\u1ea3 n\u0103ng h\u1ed9i \u0111\u1ee7 \u0111i\u1ec1u ki\u1ec7n cho c\u00e1c t\u00ecnh tr\u1ea1ng li\u00ean quan ch\u1eb7t ch\u1ebd ho\u1eb7c y\u00eau c\u1ea7u \u0111i\u1ec1u tr\u1ecb t\u01b0\u01a1ng&hellip;<\/p>\n","protected":false},"author":1,"featured_media":0,"parent":37,"menu_order":19,"comment_status":"closed","ping_status":"closed","template":"","meta":{"footnotes":""},"class_list":["post-950","page","type-page","status-publish","hentry"],"_links":{"self":[{"href":"https:\/\/rula.disabilityrightsca.org\/vi\/wp-json\/wp\/v2\/pages\/950","targetHints":{"allow":["GET"]}}],"collection":[{"href":"https:\/\/rula.disabilityrightsca.org\/vi\/wp-json\/wp\/v2\/pages"}],"about":[{"href":"https:\/\/rula.disabilityrightsca.org\/vi\/wp-json\/wp\/v2\/types\/page"}],"author":[{"embeddable":true,"href":"https:\/\/rula.disabilityrightsca.org\/vi\/wp-json\/wp\/v2\/users\/1"}],"replies":[{"embeddable":true,"href":"https:\/\/rula.disabilityrightsca.org\/vi\/wp-json\/wp\/v2\/comments?post=950"}],"version-history":[{"count":3,"href":"https:\/\/rula.disabilityrightsca.org\/vi\/wp-json\/wp\/v2\/pages\/950\/revisions"}],"predecessor-version":[{"id":2791,"href":"https:\/\/rula.disabilityrightsca.org\/vi\/wp-json\/wp\/v2\/pages\/950\/revisions\/2791"}],"up":[{"embeddable":true,"href":"https:\/\/rula.disabilityrightsca.org\/vi\/wp-json\/wp\/v2\/pages\/37"}],"wp:attachment":[{"href":"https:\/\/rula.disabilityrightsca.org\/vi\/wp-json\/wp\/v2\/media?parent=950"}],"curies":[{"name":"wp","href":"https:\/\/api.w.org\/{rel}","templated":true}]}}